{"id":397,"date":"2014-10-08T14:43:11","date_gmt":"2014-10-08T14:43:11","guid":{"rendered":"http:\/\/myuniversity.skat.tf\/?page_id=397"},"modified":"2014-10-08T14:43:11","modified_gmt":"2014-10-08T14:43:11","slug":"latest-blog","status":"publish","type":"page","link":"https:\/\/peintresdupatrimoine.com\/en\/latest-blog\/","title":{"rendered":"Latest Blog"},"content":{"rendered":"<div class=\"vc_row wpb_row vc_row-fluid\"><div class=\"container\"><div class=\"sd-centered-wrapper\"><div class=\"wpb_column vc_column_container vc_col-sm-12\"><div class=\"vc_column-inner\"><div class=\"wpb_wrapper\"><div class=\"vc_empty_space\"   style=\"height: 80px\"><span class=\"vc_empty_space_inner\"><\/span><\/div>\t\t\r\n        \t<div class=\"row\">\r\n\t\t        <div class=\"sd-latest-blog-short\">\r\n\t\r\n\t\t\t\t\t\r\n\t\t\t\t\t\t\t\t                                \r\n                               \t<div class=\"col-md-4 col-sm-6 sd-isotope-item-recent-blog\">\r\n\t\t\t\t\t\t\t\t\t\r\n\t\t\t\t\t\t\t\t\r\n<article id=\"post-1582\" class=\"sd-blog-entry sd-standard-entry clearfix post-1582 post type-post status-publish format-standard has-post-thumbnail hentry category-decoration\"> \r\n\t<!-- entry wrapper -->\r\n\t<div class=\"sd-entry-wrapper clearfix\"> \r\n\t\t<!-- post thumbnail -->\r\n\t\t\t\t<div class=\"sd-entry-thumb\">\r\n\t\t\t<figure>\r\n\t\t\t\t<img decoding=\"async\" src=\"https:\/\/peintresdupatrimoine.com\/wp-content\/uploads\/2024\/04\/1710932675313-370x190.jpg\" class=\"attachment-latest-blog-sd size-latest-blog-sd wp-post-image\" alt=\"\" \/>\t\t\t<\/figure>\r\n\t\t<\/div>\r\n\t\t\t\t<!-- post thumbnail end--> \r\n\t\t<!-- entry content  -->\r\n\t\t<div class=\"sd-entry-content\">\r\n\t\t\t<header>\r\n\t\t\t\t<h3 class=\"sd-entry-title\"><a href=\"https:\/\/peintresdupatrimoine.com\/en\/2024\/04\/04\/heritage-and-innovation-in-decorative-painting-and-restoration-of-paintings-in-the-caribbean-and-europe\/\" title=\"Permalink Heritage and innovation: decorative painting and restoration of frescoes in the Caribbean and Europe\" rel=\"bookmark\">\r\n\t\t\t\t\tHeritage and innovation: decorative painting and restoration of frescoes in the Caribbean and Europe\t\t\t\t\t<\/a> <\/h3>\r\n\t\t\t<span class=\"sd-latest-blog-date\"><i class=\"fa fa-pencil\"><\/i> April 4, 2024<\/span>\r\n\t\t\t<\/header>\r\n\t\t\t<p>UNESCO&#039;s Transcultura program has partnered with Mad&#039;in Europe to connect professionals from Europe and young creators from the Caribbean in order to exchange skills linking heritage and creativity. Murals have played a crucial role as visual testimonies of diverse cultures in\u2026<\/p>\n<p><a class=\"more-link\" href=\"https:\/\/peintresdupatrimoine.com\/en\/2024\/04\/04\/heritage-and-innovation-in-decorative-painting-and-restoration-of-paintings-in-the-caribbean-and-europe\/#more-1582\">Read More<\/a><\/p>\n\t\t<\/div>\r\n\t<\/div>\r\n\t<!-- entry wrapper end--> \r\n<\/article>\r\n<!--post-end--> \r\n\t\t\t\t\t\t\t\t<\/div>\r\n\t\t\t\t\t\t\t\t\t\t\r\n\t\t\t\t\t\t\t \t                                \r\n                               \t<div class=\"col-md-4 col-sm-6 sd-isotope-item-recent-blog\">\r\n\t\t\t\t\t\t\t\t\t\r\n\t\t\t\t\t\t\t\t\r\n<article id=\"post-1364\" class=\"sd-blog-entry sd-standard-entry clearfix post-1364 post type-post status-publish format-standard has-post-thumbnail hentry category-chantier-ecole\"> \r\n\t<!-- entry wrapper -->\r\n\t<div class=\"sd-entry-wrapper clearfix\"> \r\n\t\t<!-- post thumbnail -->\r\n\t\t\t\t<div class=\"sd-entry-thumb\">\r\n\t\t\t<figure>\r\n\t\t\t\t<img decoding=\"async\" src=\"https:\/\/peintresdupatrimoine.com\/wp-content\/uploads\/2023\/11\/DSC01887-370x190.jpg\" class=\"attachment-latest-blog-sd size-latest-blog-sd wp-post-image\" alt=\"\" srcset=\"https:\/\/peintresdupatrimoine.com\/wp-content\/uploads\/2023\/11\/DSC01887-370x190.jpg 370w, https:\/\/peintresdupatrimoine.com\/wp-content\/uploads\/2023\/11\/DSC01887-18x10.jpg 18w\" sizes=\"(max-width: 370px) 100vw, 370px\" \/>\t\t\t<\/figure>\r\n\t\t<\/div>\r\n\t\t\t\t<!-- post thumbnail end--> \r\n\t\t<!-- entry content  -->\r\n\t\t<div class=\"sd-entry-content\">\r\n\t\t\t<header>\r\n\t\t\t\t<h3 class=\"sd-entry-title\"><a href=\"https:\/\/peintresdupatrimoine.com\/en\/2023\/11\/01\/25-years-alongside-european-painters-on-construction-sites-and-training\/\" title=\"Permalink 25 YEARS ALONGSIDE PAINTERS: EUROPE, SITES AND TRAINING\" rel=\"bookmark\">\r\n\t\t\t\t\t25 YEARS ALONGSIDE PAINTERS: EUROPE, SITES AND TRAINING\t\t\t\t\t<\/a> <\/h3>\r\n\t\t\t<span class=\"sd-latest-blog-date\"><i class=\"fa fa-pencil\"><\/i> November 1, 2023<\/span>\r\n\t\t\t<\/header>\r\n\t\t\t<p>\u00a0A CONFERENCE PROPOSED BY ARTEMISIA ABOUT THIS CONFERENCE: Artemisia celebrates its 25th anniversary alongside painters and decorators at the heritage fair: the opportunity to look back on the trajectory of our association and on the careers of Artemisia graduates. We will return to the active pedagogies implemented\u2026<\/p>\n<p><a class=\"more-link\" href=\"https:\/\/peintresdupatrimoine.com\/en\/2023\/11\/01\/25-years-alongside-european-painters-on-construction-sites-and-training\/#more-1364\">Read More<\/a><\/p>\n\t\t<\/div>\r\n\t<\/div>\r\n\t<!-- entry wrapper end--> \r\n<\/article>\r\n<!--post-end--> \r\n\t\t\t\t\t\t\t\t<\/div>\r\n\t\t\t\t\t\t\t\t\t\t\r\n\t\t\t\t\t\t\t \t                                \r\n                               \t<div class=\"col-md-4 col-sm-6 sd-isotope-item-recent-blog\">\r\n\t\t\t\t\t\t\t\t\t\r\n\t\t\t\t\t\t\t\t\r\n<article id=\"post-1346\" class=\"sd-blog-entry sd-standard-entry clearfix post-1346 post type-post status-publish format-standard has-post-thumbnail hentry category-chantier-ecole\"> \r\n\t<!-- entry wrapper -->\r\n\t<div class=\"sd-entry-wrapper clearfix\"> \r\n\t\t<!-- post thumbnail -->\r\n\t\t\t\t<div class=\"sd-entry-thumb\">\r\n\t\t\t<figure>\r\n\t\t\t\t<img decoding=\"async\" src=\"https:\/\/peintresdupatrimoine.com\/wp-content\/uploads\/2023\/10\/flyerpeintredupatrimoineatenes-370x190.png\" class=\"attachment-latest-blog-sd size-latest-blog-sd wp-post-image\" alt=\"\" srcset=\"https:\/\/peintresdupatrimoine.com\/wp-content\/uploads\/2023\/10\/flyerpeintredupatrimoineatenes-370x190.png 370w, https:\/\/peintresdupatrimoine.com\/wp-content\/uploads\/2023\/10\/flyerpeintredupatrimoineatenes-18x9.png 18w\" sizes=\"(max-width: 370px) 100vw, 370px\" \/>\t\t\t<\/figure>\r\n\t\t<\/div>\r\n\t\t\t\t<!-- post thumbnail end--> \r\n\t\t<!-- entry content  -->\r\n\t\t<div class=\"sd-entry-content\">\r\n\t\t\t<header>\r\n\t\t\t\t<h3 class=\"sd-entry-title\"><a href=\"https:\/\/peintresdupatrimoine.com\/en\/2023\/10\/11\/heritage-painters-conference-athens\/\" title=\"Permalink the Heritage Painters Conference \u2013 Athens\" rel=\"bookmark\">\r\n\t\t\t\t\tHeritage Painters Conference \u2013 Athens\t\t\t\t\t<\/a> <\/h3>\r\n\t\t\t<span class=\"sd-latest-blog-date\"><i class=\"fa fa-pencil\"><\/i> October 11, 2023<\/span>\r\n\t\t\t<\/header>\r\n\t\t\t<p>As part of the #Erasmusdays and our PAINTERS-EURO-QUALIF project we will be today with our partners in Piraeus to present our project, the projects carried out, the skills framework and the international training courses on which we have been working for a year and a half. Heritage painters: techniques\u2026<\/p>\n<p><a class=\"more-link\" href=\"https:\/\/peintresdupatrimoine.com\/en\/2023\/10\/11\/heritage-painters-conference-athens\/#more-1346\">Read More<\/a><\/p>\n\t\t<\/div>\r\n\t<\/div>\r\n\t<!-- entry wrapper end--> \r\n<\/article>\r\n<!--post-end--> \r\n\t\t\t\t\t\t\t\t<\/div>\r\n\t\t\t\t\t\t\t\t\t\t\r\n\t\t\t\t\t\t\t \t                                \r\n                               \t<div class=\"col-md-4 col-sm-6 sd-isotope-item-recent-blog\">\r\n\t\t\t\t\t\t\t\t\t\r\n\t\t\t\t\t\t\t\t\r\n<article id=\"post-1256\" class=\"sd-blog-entry sd-standard-entry clearfix post-1256 post type-post status-publish format-standard has-post-thumbnail hentry category-chantier-ecole category-decoration category-evenements-peq\"> \r\n\t<!-- entry wrapper -->\r\n\t<div class=\"sd-entry-wrapper clearfix\"> \r\n\t\t<!-- post thumbnail -->\r\n\t\t\t\t<div class=\"sd-entry-thumb\">\r\n\t\t\t<figure>\r\n\t\t\t\t<img decoding=\"async\" src=\"https:\/\/peintresdupatrimoine.com\/wp-content\/uploads\/2023\/06\/paix-dieu20-370x190.jpg\" class=\"attachment-latest-blog-sd size-latest-blog-sd wp-post-image\" alt=\"\" \/>\t\t\t<\/figure>\r\n\t\t<\/div>\r\n\t\t\t\t<!-- post thumbnail end--> \r\n\t\t<!-- entry content  -->\r\n\t\t<div class=\"sd-entry-content\">\r\n\t\t\t<header>\r\n\t\t\t\t<h3 class=\"sd-entry-title\"><a href=\"https:\/\/peintresdupatrimoine.com\/en\/2023\/06\/14\/a-few-more-steps-on-the-mountain-of-beuren-for-the-euro-qualif-painters-project\/\" title=\"Permalink the A few more steps on the Beuren mountain for the Peintres-Euro-Qualif project\" rel=\"bookmark\">\r\n\t\t\t\t\tA few more steps on the Beuren mountain for the Painters-Euro-Qualif project\t\t\t\t\t<\/a> <\/h3>\r\n\t\t\t<span class=\"sd-latest-blog-date\"><i class=\"fa fa-pencil\"><\/i> June 14, 2023<\/span>\r\n\t\t\t<\/header>\r\n\t\t\t<p>Watch the summary slideshow May-June Belgium Did you know that in Li\u00e8ge, Belgium, is the mountain of Beuren? A staircase of 374 steps, with an inclination of 30 % which is in the top 10 of the most extraordinary staircases in the world? Our little Beuren, the \u201cPainters-Euro-Qualif\u2026<\/p>\n<p><a class=\"more-link\" href=\"https:\/\/peintresdupatrimoine.com\/en\/2023\/06\/14\/a-few-more-steps-on-the-mountain-of-beuren-for-the-euro-qualif-painters-project\/#more-1256\">Read More<\/a><\/p>\n\t\t<\/div>\r\n\t<\/div>\r\n\t<!-- entry wrapper end--> \r\n<\/article>\r\n<!--post-end--> \r\n\t\t\t\t\t\t\t\t<\/div>\r\n\t\t\t\t\t\t\t\t\t\t\r\n\t\t\t\t\t\t\t \t                                \r\n                               \t<div class=\"col-md-4 col-sm-6 sd-isotope-item-recent-blog\">\r\n\t\t\t\t\t\t\t\t\t\r\n\t\t\t\t\t\t\t\t\r\n<article id=\"post-1192\" class=\"sd-blog-entry sd-standard-entry clearfix post-1192 post type-post status-publish format-standard has-post-thumbnail hentry category-chantier-ecole category-highlights\"> \r\n\t<!-- entry wrapper -->\r\n\t<div class=\"sd-entry-wrapper clearfix\"> \r\n\t\t<!-- post thumbnail -->\r\n\t\t\t\t<div class=\"sd-entry-thumb\">\r\n\t\t\t<figure>\r\n\t\t\t\t<img decoding=\"async\" src=\"https:\/\/peintresdupatrimoine.com\/wp-content\/uploads\/2023\/05\/peintre-euro-qualif-370x190.jpg\" class=\"attachment-latest-blog-sd size-latest-blog-sd wp-post-image\" alt=\"\" \/>\t\t\t<\/figure>\r\n\t\t<\/div>\r\n\t\t\t\t<!-- post thumbnail end--> \r\n\t\t<!-- entry content  -->\r\n\t\t<div class=\"sd-entry-content\">\r\n\t\t\t<header>\r\n\t\t\t\t<h3 class=\"sd-entry-title\"><a href=\"https:\/\/peintresdupatrimoine.com\/en\/2023\/05\/29\/heritage-painters-a-media-success\/\" title=\"Permalink la Les peintres du patrimoine : un succ\u00e8s m\u00e9diatique !\" rel=\"bookmark\">\r\n\t\t\t\t\tHeritage painters: a media success!\t\t\t\t\t<\/a> <\/h3>\r\n\t\t\t<span class=\"sd-latest-blog-date\"><i class=\"fa fa-pencil\"><\/i> May 29, 2023<\/span>\r\n\t\t\t<\/header>\r\n\t\t\t<p>The Belgian national channel RTB and RTC T\u00e9l\u00e9 Li\u00e8ge came to visit the training site and interviewed us. The journalists, Marc Melon and Sophie Driesen, prepared some great reports. Vincent Roger, from the newspaper L&#039;avenir, also wrote a very detailed article. We felt very proud to\u2026<\/p>\n<p><a class=\"more-link\" href=\"https:\/\/peintresdupatrimoine.com\/en\/2023\/05\/29\/heritage-painters-a-media-success\/#more-1192\">Read More<\/a><\/p>\n\t\t<\/div>\r\n\t<\/div>\r\n\t<!-- entry wrapper end--> \r\n<\/article>\r\n<!--post-end--> \r\n\t\t\t\t\t\t\t\t<\/div>\r\n\t\t\t\t\t\t\t\t\t\t\r\n\t\t\t\t\t\t\t \t                                \r\n                               \t<div class=\"col-md-4 col-sm-6 sd-isotope-item-recent-blog\">\r\n\t\t\t\t\t\t\t\t\t\r\n\t\t\t\t\t\t\t\t\r\n<article id=\"post-1169\" class=\"sd-blog-entry sd-standard-entry clearfix post-1169 post type-post status-publish format-standard has-post-thumbnail hentry category-chantier-ecole category-decoration category-gallery tag-artemisia tag-awap tag-cal tag-chantier-ecole tag-chaux tag-erasmus-2 tag-idec tag-ifapme tag-metiers-du-patrimoine tag-paix-dieu-2 tag-peintre-euro-qualif tag-sgraffite tag-sgraffito\"> \r\n\t<!-- entry wrapper -->\r\n\t<div class=\"sd-entry-wrapper clearfix\"> \r\n\t\t<!-- post thumbnail -->\r\n\t\t\t\t<div class=\"sd-entry-thumb\">\r\n\t\t\t<figure>\r\n\t\t\t\t<img decoding=\"async\" src=\"https:\/\/peintresdupatrimoine.com\/wp-content\/uploads\/2023\/05\/Sgraffito-peintre-euro-qualif7-370x190.jpg\" class=\"attachment-latest-blog-sd size-latest-blog-sd wp-post-image\" alt=\"\" \/>\t\t\t<\/figure>\r\n\t\t<\/div>\r\n\t\t\t\t<!-- post thumbnail end--> \r\n\t\t<!-- entry content  -->\r\n\t\t<div class=\"sd-entry-content\">\r\n\t\t\t<header>\r\n\t\t\t\t<h3 class=\"sd-entry-title\"><a href=\"https:\/\/peintresdupatrimoine.com\/en\/2023\/05\/25\/we-are-the-graffiti-artists\u00b7euse\u00b7s\/\" title=\"Permalink la Nous sommes les S-graffiteur\u00b7euse\u00b7s !\" rel=\"bookmark\">\r\n\t\t\t\t\tWe are the S-graffiti artists!\t\t\t\t\t<\/a> <\/h3>\r\n\t\t\t<span class=\"sd-latest-blog-date\"><i class=\"fa fa-pencil\"><\/i> May 25, 2023<\/span>\r\n\t\t\t<\/header>\r\n\t\t\t<p>Sgraffito\u2026 sgraffito\u2026 Does it speak to you? A stunning craft technique that we have just learned from the hand of the masters Manuel Cardoso and Marc Frognet whose use dates back to the potters and potters of Mesopotamia.Technique of ornamentation of facades fashionable during certain periods and in certain European regions ,\u2026<\/p>\n<p><a class=\"more-link\" href=\"https:\/\/peintresdupatrimoine.com\/en\/2023\/05\/25\/we-are-the-graffiti-artists\u00b7euse\u00b7s\/#more-1169\">Read More<\/a><\/p>\n\t\t<\/div>\r\n\t<\/div>\r\n\t<!-- entry wrapper end--> \r\n<\/article>\r\n<!--post-end--> \r\n\t\t\t\t\t\t\t\t<\/div>\r\n\t\t\t\t\t\t\t\t\t\t\r\n\t\t\t\t\t\t\t \t\t\t\t\t\t\t\t\r\n\t\t\r\n\t\t\t\t\t\t<\/div>\r\n\t\t\t<\/div>\r\n\r\n\t\t<\/div><\/div><\/div><\/div><\/div><\/div>","protected":false},"excerpt":{"rendered":"<p><a class=\"more-link\" href=\"https:\/\/peintresdupatrimoine.com\/en\/2023\/05\/25\/we-are-the-graffiti-artists\u00b7euse\u00b7s\/#more-1169\">Read More<\/a><\/p>","protected":false},"author":2,"featured_media":0,"parent":0,"menu_order":0,"comment_status":"open","ping_status":"open","template":"full-width-page.php","meta":{"footnotes":""},"class_list":["post-397","page","type-page","status-publish","hentry"],"_links":{"self":[{"href":"https:\/\/peintresdupatrimoine.com\/en\/wp-json\/wp\/v2\/pages\/397","targetHints":{"allow":["GET"]}}],"collection":[{"href":"https:\/\/peintresdupatrimoine.com\/en\/wp-json\/wp\/v2\/pages"}],"about":[{"href":"https:\/\/peintresdupatrimoine.com\/en\/wp-json\/wp\/v2\/types\/page"}],"author":[{"embeddable":true,"href":"https:\/\/peintresdupatrimoine.com\/en\/wp-json\/wp\/v2\/users\/2"}],"replies":[{"embeddable":true,"href":"https:\/\/peintresdupatrimoine.com\/en\/wp-json\/wp\/v2\/comments?post=397"}],"version-history":[{"count":0,"href":"https:\/\/peintresdupatrimoine.com\/en\/wp-json\/wp\/v2\/pages\/397\/revisions"}],"wp:attachment":[{"href":"https:\/\/peintresdupatrimoine.com\/en\/wp-json\/wp\/v2\/media?parent=397"}],"curies":[{"name":"wp","href":"https:\/\/api.w.org\/{rel}","templated":true}]}}