{"id":397,"date":"2014-10-08T14:43:11","date_gmt":"2014-10-08T14:43:11","guid":{"rendered":"http:\/\/myuniversity.skat.tf\/?page_id=397"},"modified":"2014-10-08T14:43:11","modified_gmt":"2014-10-08T14:43:11","slug":"latest-blog","status":"publish","type":"page","link":"https:\/\/peintresdupatrimoine.com\/it\/latest-blog\/","title":{"rendered":"Latest Blog"},"content":{"rendered":"<div class=\"vc_row wpb_row vc_row-fluid\"><div class=\"container\"><div class=\"sd-centered-wrapper\"><div class=\"wpb_column vc_column_container vc_col-sm-12\"><div class=\"vc_column-inner\"><div class=\"wpb_wrapper\"><div class=\"vc_empty_space\"   style=\"height: 80px\"><span class=\"vc_empty_space_inner\"><\/span><\/div>\t\t\r\n        \t<div class=\"row\">\r\n\t\t        <div class=\"sd-latest-blog-short\">\r\n\t\r\n\t\t\t\t\t\r\n\t\t\t\t\t\t\t\t                                \r\n                               \t<div class=\"col-md-4 col-sm-6 sd-isotope-item-recent-blog\">\r\n\t\t\t\t\t\t\t\t\t\r\n\t\t\t\t\t\t\t\t\r\n<article id=\"post-1582\" class=\"sd-blog-entry sd-standard-entry clearfix post-1582 post type-post status-publish format-standard has-post-thumbnail hentry category-decoration\"> \r\n\t<!-- entry wrapper -->\r\n\t<div class=\"sd-entry-wrapper clearfix\"> \r\n\t\t<!-- post thumbnail -->\r\n\t\t\t\t<div class=\"sd-entry-thumb\">\r\n\t\t\t<figure>\r\n\t\t\t\t<img decoding=\"async\" src=\"https:\/\/peintresdupatrimoine.com\/wp-content\/uploads\/2024\/04\/1710932675313-370x190.jpg\" class=\"attachment-latest-blog-sd size-latest-blog-sd wp-post-image\" alt=\"\" \/>\t\t\t<\/figure>\r\n\t\t<\/div>\r\n\t\t\t\t<!-- post thumbnail end--> \r\n\t\t<!-- entry content  -->\r\n\t\t<div class=\"sd-entry-content\">\r\n\t\t\t<header>\r\n\t\t\t\t<h3 class=\"sd-entry-title\"><a href=\"https:\/\/peintresdupatrimoine.com\/it\/2024\/04\/04\/patrimonio-e-innovazione-nella-pittura-decorativa-e-nel-restauro-dei-dipinti-nei-caraibi-e-in-europa\/\" title=\"Permalink Patrimonio e innovazione: pittura decorativa e restauro di affreschi nei Caraibi e in Europa\" rel=\"bookmark\">\r\n\t\t\t\t\tPatrimonio e innovazione: pittura decorativa e restauro di affreschi nei Caraibi e in Europa\t\t\t\t\t<\/a> <\/h3>\r\n\t\t\t<span class=\"sd-latest-blog-date\"><i class=\"fa fa-pencil\"><\/i> 4 aprile 2024<\/span>\r\n\t\t\t<\/header>\r\n\t\t\t<p>Il programma Transcultura dell&#039;UNESCO ha collaborato con Mad&#039;in Europe per connettere professionisti europei e giovani creatori dei Caraibi al fine di scambiare competenze che collegano patrimonio e creativit\u00e0. I murales hanno svolto un ruolo cruciale come testimonianze visive di diverse culture in...<\/p>\n<p><a class=\"more-link\" href=\"https:\/\/peintresdupatrimoine.com\/it\/2024\/04\/04\/patrimonio-e-innovazione-nella-pittura-decorativa-e-nel-restauro-dei-dipinti-nei-caraibi-e-in-europa\/#more-1582\">Per saperne di pi\u00f9<\/a><\/p>\n\t\t<\/div>\r\n\t<\/div>\r\n\t<!-- entry wrapper end--> \r\n<\/article>\r\n<!--post-end--> \r\n\t\t\t\t\t\t\t\t<\/div>\r\n\t\t\t\t\t\t\t\t\t\t\r\n\t\t\t\t\t\t\t \t                                \r\n                               \t<div class=\"col-md-4 col-sm-6 sd-isotope-item-recent-blog\">\r\n\t\t\t\t\t\t\t\t\t\r\n\t\t\t\t\t\t\t\t\r\n<article id=\"post-1364\" class=\"sd-blog-entry sd-standard-entry clearfix post-1364 post type-post status-publish format-standard has-post-thumbnail hentry category-chantier-ecole\"> \r\n\t<!-- entry wrapper -->\r\n\t<div class=\"sd-entry-wrapper clearfix\"> \r\n\t\t<!-- post thumbnail -->\r\n\t\t\t\t<div class=\"sd-entry-thumb\">\r\n\t\t\t<figure>\r\n\t\t\t\t<img decoding=\"async\" src=\"https:\/\/peintresdupatrimoine.com\/wp-content\/uploads\/2023\/11\/DSC01887-370x190.jpg\" class=\"attachment-latest-blog-sd size-latest-blog-sd wp-post-image\" alt=\"\" srcset=\"https:\/\/peintresdupatrimoine.com\/wp-content\/uploads\/2023\/11\/DSC01887-370x190.jpg 370w, https:\/\/peintresdupatrimoine.com\/wp-content\/uploads\/2023\/11\/DSC01887-18x10.jpg 18w\" sizes=\"(max-width: 370px) 100vw, 370px\" \/>\t\t\t<\/figure>\r\n\t\t<\/div>\r\n\t\t\t\t<!-- post thumbnail end--> \r\n\t\t<!-- entry content  -->\r\n\t\t<div class=\"sd-entry-content\">\r\n\t\t\t<header>\r\n\t\t\t\t<h3 class=\"sd-entry-title\"><a href=\"https:\/\/peintresdupatrimoine.com\/it\/2023\/11\/01\/25-anni-al-fianco-dei-pittori-europei-nei-cantieri-e-nella-formazione\/\" title=\"Permalink 25 ANNI AL FIANCO DEI PITTORI: EUROPA, CANTIERI E FORMAZIONE\" rel=\"bookmark\">\r\n\t\t\t\t\t25 ANNI AL FIANCO DEI PITTORI: EUROPA, CANTIERI E FORMAZIONE\t\t\t\t\t<\/a> <\/h3>\r\n\t\t\t<span class=\"sd-latest-blog-date\"><i class=\"fa fa-pencil\"><\/i> 1 novembre 2023<\/span>\r\n\t\t\t<\/header>\r\n\t\t\t<p>\u00a0UNA CONFERENZA PROPOSTA DA ARTEMISIA SU QUESTA CONFERENZA: Artemisia celebra il suo 25\u00b0 anniversario insieme a pittori e decoratori alla fiera del patrimonio: l&#039;opportunit\u00e0 di ripercorrere il percorso della nostra associazione e le carriere dei diplomati di Artemisia. Torneremo alle pedagogie attive implementate\u2026<\/p>\n<p><a class=\"more-link\" href=\"https:\/\/peintresdupatrimoine.com\/it\/2023\/11\/01\/25-anni-al-fianco-dei-pittori-europei-nei-cantieri-e-nella-formazione\/#more-1364\">Per saperne di pi\u00f9<\/a><\/p>\n\t\t<\/div>\r\n\t<\/div>\r\n\t<!-- entry wrapper end--> \r\n<\/article>\r\n<!--post-end--> \r\n\t\t\t\t\t\t\t\t<\/div>\r\n\t\t\t\t\t\t\t\t\t\t\r\n\t\t\t\t\t\t\t \t                                \r\n                               \t<div class=\"col-md-4 col-sm-6 sd-isotope-item-recent-blog\">\r\n\t\t\t\t\t\t\t\t\t\r\n\t\t\t\t\t\t\t\t\r\n<article id=\"post-1346\" class=\"sd-blog-entry sd-standard-entry clearfix post-1346 post type-post status-publish format-standard has-post-thumbnail hentry category-chantier-ecole\"> \r\n\t<!-- entry wrapper -->\r\n\t<div class=\"sd-entry-wrapper clearfix\"> \r\n\t\t<!-- post thumbnail -->\r\n\t\t\t\t<div class=\"sd-entry-thumb\">\r\n\t\t\t<figure>\r\n\t\t\t\t<img decoding=\"async\" src=\"https:\/\/peintresdupatrimoine.com\/wp-content\/uploads\/2023\/10\/flyerpeintredupatrimoineatenes-370x190.png\" class=\"attachment-latest-blog-sd size-latest-blog-sd wp-post-image\" alt=\"\" srcset=\"https:\/\/peintresdupatrimoine.com\/wp-content\/uploads\/2023\/10\/flyerpeintredupatrimoineatenes-370x190.png 370w, https:\/\/peintresdupatrimoine.com\/wp-content\/uploads\/2023\/10\/flyerpeintredupatrimoineatenes-18x9.png 18w\" sizes=\"(max-width: 370px) 100vw, 370px\" \/>\t\t\t<\/figure>\r\n\t\t<\/div>\r\n\t\t\t\t<!-- post thumbnail end--> \r\n\t\t<!-- entry content  -->\r\n\t\t<div class=\"sd-entry-content\">\r\n\t\t\t<header>\r\n\t\t\t\t<h3 class=\"sd-entry-title\"><a href=\"https:\/\/peintresdupatrimoine.com\/it\/2023\/10\/11\/conferenza-dei-pittori-storici-di-atene\/\" title=\"Permalink Conferenza dei pittori storici \u2013 Atene\" rel=\"bookmark\">\r\n\t\t\t\t\tConferenza dei pittori storici \u2013 Atene\t\t\t\t\t<\/a> <\/h3>\r\n\t\t\t<span class=\"sd-latest-blog-date\"><i class=\"fa fa-pencil\"><\/i> 11 ottobre 2023<\/span>\r\n\t\t\t<\/header>\r\n\t\t\t<p>Nell&#039;ambito del #Erasmusdays e del nostro progetto PAINTERS-EURO-QUALIF saremo oggi con i nostri partner al Pireo per presentare il nostro progetto, i progetti realizzati, il quadro delle competenze e i percorsi di formazione internazionali su cui stiamo lavorando da un anno e met\u00e0. Pittori del patrimonio: tecniche\u2026<\/p>\n<p><a class=\"more-link\" href=\"https:\/\/peintresdupatrimoine.com\/it\/2023\/10\/11\/conferenza-dei-pittori-storici-di-atene\/#more-1346\">Per saperne di pi\u00f9<\/a><\/p>\n\t\t<\/div>\r\n\t<\/div>\r\n\t<!-- entry wrapper end--> \r\n<\/article>\r\n<!--post-end--> \r\n\t\t\t\t\t\t\t\t<\/div>\r\n\t\t\t\t\t\t\t\t\t\t\r\n\t\t\t\t\t\t\t \t                                \r\n                               \t<div class=\"col-md-4 col-sm-6 sd-isotope-item-recent-blog\">\r\n\t\t\t\t\t\t\t\t\t\r\n\t\t\t\t\t\t\t\t\r\n<article id=\"post-1256\" class=\"sd-blog-entry sd-standard-entry clearfix post-1256 post type-post status-publish format-standard has-post-thumbnail hentry category-chantier-ecole category-decoration category-evenements-peq\"> \r\n\t<!-- entry wrapper -->\r\n\t<div class=\"sd-entry-wrapper clearfix\"> \r\n\t\t<!-- post thumbnail -->\r\n\t\t\t\t<div class=\"sd-entry-thumb\">\r\n\t\t\t<figure>\r\n\t\t\t\t<img decoding=\"async\" src=\"https:\/\/peintresdupatrimoine.com\/wp-content\/uploads\/2023\/06\/paix-dieu20-370x190.jpg\" class=\"attachment-latest-blog-sd size-latest-blog-sd wp-post-image\" alt=\"\" \/>\t\t\t<\/figure>\r\n\t\t<\/div>\r\n\t\t\t\t<!-- post thumbnail end--> \r\n\t\t<!-- entry content  -->\r\n\t\t<div class=\"sd-entry-content\">\r\n\t\t\t<header>\r\n\t\t\t\t<h3 class=\"sd-entry-title\"><a href=\"https:\/\/peintresdupatrimoine.com\/it\/2023\/06\/14\/ancora-qualche-passo-sul-monte-di-beuren-per-il-progetto-pittori-euro-qualif\/\" title=\"Permalink the Ancora qualche passo sul monte Beuren per il progetto Peintres-Euro-Qualif\" rel=\"bookmark\">\r\n\t\t\t\t\tAncora qualche passo sul monte Beuren per il progetto Painters-Euro-Qualif\t\t\t\t\t<\/a> <\/h3>\r\n\t\t\t<span class=\"sd-latest-blog-date\"><i class=\"fa fa-pencil\"><\/i> 14 giugno 2023<\/span>\r\n\t\t\t<\/header>\r\n\t\t\t<p>Guarda lo slideshow riassuntivo maggio-giugno Belgio Sapevi che a Liegi, in Belgio, c&#039;\u00e8 la montagna di Beuren? Una scala di 374 gradini, con un&#039;inclinazione di 30 % che \u00e8 nella top 10 delle scale pi\u00f9 straordinarie del mondo? Il nostro piccolo Beuren, il \u201cPainters-Euro-Qualif\u2026<\/p>\n<p><a class=\"more-link\" href=\"https:\/\/peintresdupatrimoine.com\/it\/2023\/06\/14\/ancora-qualche-passo-sul-monte-di-beuren-per-il-progetto-pittori-euro-qualif\/#more-1256\">Per saperne di pi\u00f9<\/a><\/p>\n\t\t<\/div>\r\n\t<\/div>\r\n\t<!-- entry wrapper end--> \r\n<\/article>\r\n<!--post-end--> \r\n\t\t\t\t\t\t\t\t<\/div>\r\n\t\t\t\t\t\t\t\t\t\t\r\n\t\t\t\t\t\t\t \t                                \r\n                               \t<div class=\"col-md-4 col-sm-6 sd-isotope-item-recent-blog\">\r\n\t\t\t\t\t\t\t\t\t\r\n\t\t\t\t\t\t\t\t\r\n<article id=\"post-1192\" class=\"sd-blog-entry sd-standard-entry clearfix post-1192 post type-post status-publish format-standard has-post-thumbnail hentry category-chantier-ecole category-highlights\"> \r\n\t<!-- entry wrapper -->\r\n\t<div class=\"sd-entry-wrapper clearfix\"> \r\n\t\t<!-- post thumbnail -->\r\n\t\t\t\t<div class=\"sd-entry-thumb\">\r\n\t\t\t<figure>\r\n\t\t\t\t<img decoding=\"async\" src=\"https:\/\/peintresdupatrimoine.com\/wp-content\/uploads\/2023\/05\/peintre-euro-qualif-370x190.jpg\" class=\"attachment-latest-blog-sd size-latest-blog-sd wp-post-image\" alt=\"\" \/>\t\t\t<\/figure>\r\n\t\t<\/div>\r\n\t\t\t\t<!-- post thumbnail end--> \r\n\t\t<!-- entry content  -->\r\n\t\t<div class=\"sd-entry-content\">\r\n\t\t\t<header>\r\n\t\t\t\t<h3 class=\"sd-entry-title\"><a href=\"https:\/\/peintresdupatrimoine.com\/it\/2023\/05\/29\/pittori-del-patrimonio-un-successo-medico\/\" title=\"Permalink la Les peintres du patrimoine : un succ\u00e8s m\u00e9diatique !\" rel=\"bookmark\">\r\n\t\t\t\t\tPittori storici: un successo mediatico!\t\t\t\t\t<\/a> <\/h3>\r\n\t\t\t<span class=\"sd-latest-blog-date\"><i class=\"fa fa-pencil\"><\/i> 29 maggio 2023<\/span>\r\n\t\t\t<\/header>\r\n\t\t\t<p>Il canale nazionale belga RTB e RTC T\u00e9l\u00e9 Li\u00e8ge sono venuti a visitare il luogo di formazione e ci hanno intervistato. I giornalisti, Marc Melon e Sophie Driesen, hanno preparato degli ottimi reportage. Anche Vincent Roger, del quotidiano L&#039;avenir, ha scritto un articolo molto dettagliato. Ci siamo sentiti molto orgogliosi di...<\/p>\n<p><a class=\"more-link\" href=\"https:\/\/peintresdupatrimoine.com\/it\/2023\/05\/29\/pittori-del-patrimonio-un-successo-medico\/#more-1192\">Per saperne di pi\u00f9<\/a><\/p>\n\t\t<\/div>\r\n\t<\/div>\r\n\t<!-- entry wrapper end--> \r\n<\/article>\r\n<!--post-end--> \r\n\t\t\t\t\t\t\t\t<\/div>\r\n\t\t\t\t\t\t\t\t\t\t\r\n\t\t\t\t\t\t\t \t                                \r\n                               \t<div class=\"col-md-4 col-sm-6 sd-isotope-item-recent-blog\">\r\n\t\t\t\t\t\t\t\t\t\r\n\t\t\t\t\t\t\t\t\r\n<article id=\"post-1169\" class=\"sd-blog-entry sd-standard-entry clearfix post-1169 post type-post status-publish format-standard has-post-thumbnail hentry category-chantier-ecole category-decoration category-gallery tag-artemisia tag-awap tag-cal tag-chantier-ecole tag-chaux tag-erasmus-2 tag-idec tag-ifapme tag-metiers-du-patrimoine tag-paix-dieu-2 tag-peintre-euro-qualif tag-sgraffite tag-sgraffito\"> \r\n\t<!-- entry wrapper -->\r\n\t<div class=\"sd-entry-wrapper clearfix\"> \r\n\t\t<!-- post thumbnail -->\r\n\t\t\t\t<div class=\"sd-entry-thumb\">\r\n\t\t\t<figure>\r\n\t\t\t\t<img decoding=\"async\" src=\"https:\/\/peintresdupatrimoine.com\/wp-content\/uploads\/2023\/05\/Sgraffito-peintre-euro-qualif7-370x190.jpg\" class=\"attachment-latest-blog-sd size-latest-blog-sd wp-post-image\" alt=\"\" \/>\t\t\t<\/figure>\r\n\t\t<\/div>\r\n\t\t\t\t<!-- post thumbnail end--> \r\n\t\t<!-- entry content  -->\r\n\t\t<div class=\"sd-entry-content\">\r\n\t\t\t<header>\r\n\t\t\t\t<h3 class=\"sd-entry-title\"><a href=\"https:\/\/peintresdupatrimoine.com\/it\/2023\/05\/25\/noi-siamo-gli-artisti-dei-graffiti\u00b7euse\u00b7s\/\" title=\"Permalink la Nous sommes les S-graffiteur\u00b7euse\u00b7s !\" rel=\"bookmark\">\r\n\t\t\t\t\tSiamo gli artisti S-graffiti!\t\t\t\t\t<\/a> <\/h3>\r\n\t\t\t<span class=\"sd-latest-blog-date\"><i class=\"fa fa-pencil\"><\/i> 25 maggio 2023<\/span>\r\n\t\t\t<\/header>\r\n\t\t\t<p>Sgraffito... sgraffito... Ti parla? Una straordinaria tecnica artigianale che abbiamo appena imparato dalla mano dei maestri Manuel Cardoso e Marc Frognet il cui uso risale ai ceramisti e vasai della Mesopotamia.Tecnica di ornamento di facciate di moda in certi periodi e in certe regioni europee,\u2026<\/p>\n<p><a class=\"more-link\" href=\"https:\/\/peintresdupatrimoine.com\/it\/2023\/05\/25\/noi-siamo-gli-artisti-dei-graffiti\u00b7euse\u00b7s\/#more-1169\">Per saperne di pi\u00f9<\/a><\/p>\n\t\t<\/div>\r\n\t<\/div>\r\n\t<!-- entry wrapper end--> \r\n<\/article>\r\n<!--post-end--> \r\n\t\t\t\t\t\t\t\t<\/div>\r\n\t\t\t\t\t\t\t\t\t\t\r\n\t\t\t\t\t\t\t \t\t\t\t\t\t\t\t\r\n\t\t\r\n\t\t\t\t\t\t<\/div>\r\n\t\t\t<\/div>\r\n\r\n\t\t<\/div><\/div><\/div><\/div><\/div><\/div>","protected":false},"excerpt":{"rendered":"<p><a class=\"more-link\" href=\"https:\/\/peintresdupatrimoine.com\/it\/2023\/05\/25\/noi-siamo-gli-artisti-dei-graffiti\u00b7euse\u00b7s\/#more-1169\">Per saperne di pi\u00f9<\/a><\/p>","protected":false},"author":2,"featured_media":0,"parent":0,"menu_order":0,"comment_status":"open","ping_status":"open","template":"full-width-page.php","meta":{"footnotes":""},"class_list":["post-397","page","type-page","status-publish","hentry"],"_links":{"self":[{"href":"https:\/\/peintresdupatrimoine.com\/it\/wp-json\/wp\/v2\/pages\/397","targetHints":{"allow":["GET"]}}],"collection":[{"href":"https:\/\/peintresdupatrimoine.com\/it\/wp-json\/wp\/v2\/pages"}],"about":[{"href":"https:\/\/peintresdupatrimoine.com\/it\/wp-json\/wp\/v2\/types\/page"}],"author":[{"embeddable":true,"href":"https:\/\/peintresdupatrimoine.com\/it\/wp-json\/wp\/v2\/users\/2"}],"replies":[{"embeddable":true,"href":"https:\/\/peintresdupatrimoine.com\/it\/wp-json\/wp\/v2\/comments?post=397"}],"version-history":[{"count":0,"href":"https:\/\/peintresdupatrimoine.com\/it\/wp-json\/wp\/v2\/pages\/397\/revisions"}],"wp:attachment":[{"href":"https:\/\/peintresdupatrimoine.com\/it\/wp-json\/wp\/v2\/media?parent=397"}],"curies":[{"name":"wp","href":"https:\/\/api.w.org\/{rel}","templated":true}]}}